{"id":1538,"date":"2016-04-19T07:05:36","date_gmt":"2016-04-19T07:05:36","guid":{"rendered":"http:\/\/vergerpleinsoleil.digival4.com\/fr\/privati\/"},"modified":"2016-06-09T09:34:29","modified_gmt":"2016-06-09T09:34:29","slug":"prive","status":"publish","type":"page","link":"https:\/\/www.vergerpleinsoleil.com\/fr\/prive\/","title":{"rendered":"PRIV\u00e9"},"content":{"rendered":"<p>[et_pb_section admin_label=\u00a0\u00bbSezione\u00a0\u00bb fullwidth=\u00a0\u00bbon\u00a0\u00bb specialty=\u00a0\u00bboff\u00a0\u00bb][et_pb_fullwidth_slider admin_label=\u00a0\u00bbSlider a Larghezza Piena\u00a0\u00bb show_arrows=\u00a0\u00bbon\u00a0\u00bb show_pagination=\u00a0\u00bbon\u00a0\u00bb auto=\u00a0\u00bboff\u00a0\u00bb auto_ignore_hover=\u00a0\u00bboff\u00a0\u00bb parallax=\u00a0\u00bboff\u00a0\u00bb parallax_method=\u00a0\u00bboff\u00a0\u00bb remove_inner_shadow=\u00a0\u00bboff\u00a0\u00bb background_position=\u00a0\u00bbdefault\u00a0\u00bb background_size=\u00a0\u00bbdefault\u00a0\u00bb hide_content_on_mobile=\u00a0\u00bboff\u00a0\u00bb hide_cta_on_mobile=\u00a0\u00bboff\u00a0\u00bb show_image_video_mobile=\u00a0\u00bboff\u00a0\u00bb custom_button=\u00a0\u00bboff\u00a0\u00bb button_letter_spacing=\u00a0\u00bb0&Prime; button_use_icon=\u00a0\u00bbdefault\u00a0\u00bb button_icon_placement=\u00a0\u00bbright\u00a0\u00bb button_on_hover=\u00a0\u00bbon\u00a0\u00bb button_letter_spacing_hover=\u00a0\u00bb0&Prime; top_padding=\u00a0\u00bb600px\u00a0\u00bb bottom_padding=\u00a0\u00bb200px\u00a0\u00bb] [et_pb_slide background_position=\u00a0\u00bbdefault\u00a0\u00bb background_size=\u00a0\u00bbdefault\u00a0\u00bb background_color=\u00a0\u00bb#ffffff\u00a0\u00bb use_bg_overlay=\u00a0\u00bboff\u00a0\u00bb use_text_overlay=\u00a0\u00bboff\u00a0\u00bb alignment=\u00a0\u00bbcenter\u00a0\u00bb background_layout=\u00a0\u00bbdark\u00a0\u00bb allow_player_pause=\u00a0\u00bboff\u00a0\u00bb text_border_radius=\u00a0\u00bb3&Prime; header_font_select=\u00a0\u00bbdefault\u00a0\u00bb header_font=\u00a0\u00bb||||\u00a0\u00bb body_font_select=\u00a0\u00bbdefault\u00a0\u00bb body_font=\u00a0\u00bb||||\u00a0\u00bb custom_button=\u00a0\u00bboff\u00a0\u00bb button_font_select=\u00a0\u00bbdefault\u00a0\u00bb button_font=\u00a0\u00bb||||\u00a0\u00bb button_use_icon=\u00a0\u00bbdefault\u00a0\u00bb button_icon_placement=\u00a0\u00bbright\u00a0\u00bb button_on_hover=\u00a0\u00bbon\u00a0\u00bb background_image=\u00a0\u00bbhttp:\/\/vergerpleinsoleil.digival4.com\/wp-content\/uploads\/2016\/04\/Privati-1.jpg\u00a0\u00bb] [\/et_pb_slide][et_pb_slide background_position=\u00a0\u00bbdefault\u00a0\u00bb background_size=\u00a0\u00bbdefault\u00a0\u00bb background_color=\u00a0\u00bb#ffffff\u00a0\u00bb use_bg_overlay=\u00a0\u00bboff\u00a0\u00bb use_text_overlay=\u00a0\u00bboff\u00a0\u00bb alignment=\u00a0\u00bbcenter\u00a0\u00bb background_layout=\u00a0\u00bbdark\u00a0\u00bb allow_player_pause=\u00a0\u00bboff\u00a0\u00bb text_border_radius=\u00a0\u00bb3&Prime; header_font_select=\u00a0\u00bbdefault\u00a0\u00bb header_font=\u00a0\u00bb||||\u00a0\u00bb body_font_select=\u00a0\u00bbdefault\u00a0\u00bb body_font=\u00a0\u00bb||||\u00a0\u00bb custom_button=\u00a0\u00bboff\u00a0\u00bb button_font_select=\u00a0\u00bbdefault\u00a0\u00bb button_font=\u00a0\u00bb||||\u00a0\u00bb button_use_icon=\u00a0\u00bbdefault\u00a0\u00bb button_icon_placement=\u00a0\u00bbright\u00a0\u00bb button_on_hover=\u00a0\u00bbon\u00a0\u00bb background_image=\u00a0\u00bbhttp:\/\/vergerpleinsoleil.digival4.com\/wp-content\/uploads\/2016\/04\/Privati-2.jpg\u00a0\u00bb] [\/et_pb_slide][et_pb_slide background_position=\u00a0\u00bbdefault\u00a0\u00bb background_size=\u00a0\u00bbdefault\u00a0\u00bb background_color=\u00a0\u00bb#ffffff\u00a0\u00bb use_bg_overlay=\u00a0\u00bboff\u00a0\u00bb use_text_overlay=\u00a0\u00bboff\u00a0\u00bb alignment=\u00a0\u00bbcenter\u00a0\u00bb background_layout=\u00a0\u00bbdark\u00a0\u00bb allow_player_pause=\u00a0\u00bboff\u00a0\u00bb text_border_radius=\u00a0\u00bb3&Prime; header_font_select=\u00a0\u00bbdefault\u00a0\u00bb header_font=\u00a0\u00bb||||\u00a0\u00bb body_font_select=\u00a0\u00bbdefault\u00a0\u00bb body_font=\u00a0\u00bb||||\u00a0\u00bb custom_button=\u00a0\u00bboff\u00a0\u00bb button_font_select=\u00a0\u00bbdefault\u00a0\u00bb button_font=\u00a0\u00bb||||\u00a0\u00bb button_use_icon=\u00a0\u00bbdefault\u00a0\u00bb button_icon_placement=\u00a0\u00bbright\u00a0\u00bb button_on_hover=\u00a0\u00bbon\u00a0\u00bb background_image=\u00a0\u00bbhttp:\/\/vergerpleinsoleil.digival4.com\/wp-content\/uploads\/2016\/04\/Privati-3.jpg\u00a0\u00bb] [\/et_pb_slide] [\/et_pb_fullwidth_slider][\/et_pb_section][et_pb_section admin_label=\u00a0\u00bbSezione\u00a0\u00bb fullwidth=\u00a0\u00bboff\u00a0\u00bb specialty=\u00a0\u00bboff\u00a0\u00bb transparent_background=\u00a0\u00bboff\u00a0\u00bb allow_player_pause=\u00a0\u00bboff\u00a0\u00bb inner_shadow=\u00a0\u00bboff\u00a0\u00bb parallax=\u00a0\u00bboff\u00a0\u00bb parallax_method=\u00a0\u00bboff\u00a0\u00bb padding_mobile=\u00a0\u00bboff\u00a0\u00bb make_fullwidth=\u00a0\u00bboff\u00a0\u00bb use_custom_width=\u00a0\u00bboff\u00a0\u00bb width_unit=\u00a0\u00bbon\u00a0\u00bb make_equal=\u00a0\u00bboff\u00a0\u00bb use_custom_gutter=\u00a0\u00bboff\u00a0\u00bb][et_pb_row admin_label=\u00a0\u00bbRiga\u00a0\u00bb][et_pb_column type=\u00a0\u00bb4_4&Prime;][et_pb_text admin_label=\u00a0\u00bbAPPARTAMENTO A2 \u2013 65 MQ\u00a0\u00bb background_layout=\u00a0\u00bblight\u00a0\u00bb text_orientation=\u00a0\u00bbleft\u00a0\u00bb use_border_color=\u00a0\u00bboff\u00a0\u00bb border_color=\u00a0\u00bb#ffffff\u00a0\u00bb border_style=\u00a0\u00bbsolid\u00a0\u00bb text_font_size=\u00a0\u00bb30&Prime; text_text_color=\u00a0\u00bb#c4a04c\u00a0\u00bb text_font=\u00a0\u00bbCantata One||||\u00a0\u00bb]<\/p>\n<p style=\"text-align: left;\">APPARTAMENTO A2\u00a0\u2013 65 MQ<\/p>\n<p>[\/et_pb_text][et_pb_divider admin_label=\u00a0\u00bbModulo Separatore\u00a0\u00bb color=\u00a0\u00bb#c4a04c\u00a0\u00bb show_divider=\u00a0\u00bbon\u00a0\u00bb divider_style=\u00a0\u00bbsolid\u00a0\u00bb divider_position=\u00a0\u00bbtop\u00a0\u00bb hide_on_mobile=\u00a0\u00bbon\u00a0\u00bb] [\/et_pb_divider][\/et_pb_column][\/et_pb_row][et_pb_row admin_label=\u00a0\u00bbRiga\u00a0\u00bb][et_pb_column type=\u00a0\u00bb4_4&Prime;][et_pb_text admin_label=\u00a0\u00bbNell\u2019appartamento A2 di 65 mq.\u00a0\u00bb background_layout=\u00a0\u00bblight\u00a0\u00bb text_orientation=\u00a0\u00bbleft\u00a0\u00bb use_border_color=\u00a0\u00bboff\u00a0\u00bb border_color=\u00a0\u00bb#ffffff\u00a0\u00bb border_style=\u00a0\u00bbsolid\u00a0\u00bb]<\/p>\n<p>Nell\u2019appartamento <strong>A2<\/strong> di <strong>65 mq.<\/strong>, posto al primo piano, entrando si trova la zona giorno composta di soggiorno con due poltrone, angolo cottura con mobili di legno di castagno e piano in pietra di Cogne, molto luminoso, con portafinestra che d\u00e0 sul balcone. La zona notte \u00e8 composta da due camere di cui una con letto matrimoniale pi\u00f9 un lettino, un armadio a tre ante, due comodini, cassettiera e specchio, ha una luminosa finestra e una portafinestra che va sull\u2019ampio balcone, l\u2019altra camera ha due letti\u00a0singoli armadio a due ante con cassetti, comodino, sono provviste di coperte estive e invernali, materassi in lattice e le reti sono in doghe regolabili, il servizio privato \u00e8 con doccia. L\u2019appartamento \u00e8 completo di stoviglie e pentole, frigo, forno combinato, tv con impianto satellitare e decoder, connessione a internet, via cavo e wi-fi, asse e ferro da stiro, lavatrice, stendi biancheria, il riscaldamento \u00e8 centralizzato.<\/p>\n<p>[\/et_pb_text][\/et_pb_column][\/et_pb_row][et_pb_row admin_label=\u00a0\u00bbRiga\u00a0\u00bb][et_pb_column type=\u00a0\u00bb4_4&Prime;][et_pb_gallery admin_label=\u00a0\u00bbGalleria\u00a0\u00bb gallery_ids=\u00a0\u00bb1398,1399,1400,1401&Prime; fullwidth=\u00a0\u00bboff\u00a0\u00bb show_title_and_caption=\u00a0\u00bboff\u00a0\u00bb show_pagination=\u00a0\u00bboff\u00a0\u00bb background_layout=\u00a0\u00bblight\u00a0\u00bb auto=\u00a0\u00bboff\u00a0\u00bb hover_overlay_color=\u00a0\u00bbrgba(255,255,255,0.9)\u00a0\u00bb caption_all_caps=\u00a0\u00bboff\u00a0\u00bb use_border_color=\u00a0\u00bboff\u00a0\u00bb border_color=\u00a0\u00bb#ffffff\u00a0\u00bb border_style=\u00a0\u00bbsolid\u00a0\u00bb zoom_icon_color=\u00a0\u00bb#c4a04c\u00a0\u00bb] [\/et_pb_gallery][\/et_pb_column][\/et_pb_row][\/et_pb_section][et_pb_section admin_label=\u00a0\u00bbSezione\u00a0\u00bb fullwidth=\u00a0\u00bboff\u00a0\u00bb specialty=\u00a0\u00bboff\u00a0\u00bb transparent_background=\u00a0\u00bboff\u00a0\u00bb allow_player_pause=\u00a0\u00bboff\u00a0\u00bb inner_shadow=\u00a0\u00bboff\u00a0\u00bb parallax=\u00a0\u00bboff\u00a0\u00bb parallax_method=\u00a0\u00bboff\u00a0\u00bb padding_mobile=\u00a0\u00bboff\u00a0\u00bb make_fullwidth=\u00a0\u00bboff\u00a0\u00bb use_custom_width=\u00a0\u00bboff\u00a0\u00bb width_unit=\u00a0\u00bbon\u00a0\u00bb make_equal=\u00a0\u00bboff\u00a0\u00bb use_custom_gutter=\u00a0\u00bboff\u00a0\u00bb][et_pb_row admin_label=\u00a0\u00bbRiga\u00a0\u00bb][et_pb_column type=\u00a0\u00bb4_4&Prime;][et_pb_text admin_label=\u00a0\u00bbAPPARTAMENTO A4 \u2013 40 MQ\u00a0\u00bb background_layout=\u00a0\u00bblight\u00a0\u00bb text_orientation=\u00a0\u00bbleft\u00a0\u00bb use_border_color=\u00a0\u00bboff\u00a0\u00bb border_color=\u00a0\u00bb#ffffff\u00a0\u00bb border_style=\u00a0\u00bbsolid\u00a0\u00bb text_font_size=\u00a0\u00bb30&Prime; text_text_color=\u00a0\u00bb#c4a04c\u00a0\u00bb text_font=\u00a0\u00bbCantata One||||\u00a0\u00bb]<\/p>\n<p style=\"text-align: left;\">APPARTAMENTO A4\u00a0\u2013 40 MQ<\/p>\n<p>[\/et_pb_text][et_pb_divider admin_label=\u00a0\u00bbModulo Separatore\u00a0\u00bb color=\u00a0\u00bb#c4a04c\u00a0\u00bb show_divider=\u00a0\u00bbon\u00a0\u00bb divider_style=\u00a0\u00bbsolid\u00a0\u00bb divider_position=\u00a0\u00bbtop\u00a0\u00bb hide_on_mobile=\u00a0\u00bbon\u00a0\u00bb] [\/et_pb_divider][\/et_pb_column][\/et_pb_row][et_pb_row admin_label=\u00a0\u00bbRiga\u00a0\u00bb][et_pb_column type=\u00a0\u00bb4_4&Prime;][et_pb_text admin_label=\u00a0\u00bbL\u2019appartamento A4 \u00e8 un monolocale di 40 mq\u00a0\u00bb background_layout=\u00a0\u00bblight\u00a0\u00bb text_orientation=\u00a0\u00bbleft\u00a0\u00bb use_border_color=\u00a0\u00bboff\u00a0\u00bb border_color=\u00a0\u00bb#ffffff\u00a0\u00bb border_style=\u00a0\u00bbsolid\u00a0\u00bb]<\/p>\n<p>L\u2019appartamento <strong>A4<\/strong> \u00e8 un monolocale di <strong>40 mq<\/strong>., si trova al piano rialzato, con accesso diretto al terrazzo solarium e illuminato da due grandi finestre. Composto da un angolo cottura, completo di stoviglie, la cucina ha 4 fuochi elettrici, il forno combinato, il frigorifero, un letto matrimoniale, un lettino su richiesta, una cristalliera, una cassettiera, un armadio base con sopra la Tv con decoder digitale, un armadio a ponte con un letto singolo ed un altro estraibile; il servizio \u00e8 con doccia. Nell\u2019appartamento trovate anche la lavatrice con lo stendi biancheria, il ferro e l\u2019asse da stiro, la connessione a internet sia a cavo che wi-fi. Il riscaldamento \u00e8 centralizzato.<\/p>\n<p>[\/et_pb_text][\/et_pb_column][\/et_pb_row][et_pb_row admin_label=\u00a0\u00bbRiga\u00a0\u00bb][et_pb_column type=\u00a0\u00bb4_4&Prime;][et_pb_gallery admin_label=\u00a0\u00bbGalleria\u00a0\u00bb gallery_ids=\u00a0\u00bb1403,1404,1405,1406&Prime; fullwidth=\u00a0\u00bboff\u00a0\u00bb show_title_and_caption=\u00a0\u00bboff\u00a0\u00bb show_pagination=\u00a0\u00bboff\u00a0\u00bb background_layout=\u00a0\u00bblight\u00a0\u00bb auto=\u00a0\u00bboff\u00a0\u00bb hover_overlay_color=\u00a0\u00bbrgba(255,255,255,0.9)\u00a0\u00bb caption_all_caps=\u00a0\u00bboff\u00a0\u00bb use_border_color=\u00a0\u00bboff\u00a0\u00bb border_color=\u00a0\u00bb#ffffff\u00a0\u00bb border_style=\u00a0\u00bbsolid\u00a0\u00bb zoom_icon_color=\u00a0\u00bb#c4a04c\u00a0\u00bb] [\/et_pb_gallery][\/et_pb_column][\/et_pb_row][\/et_pb_section][et_pb_section admin_label=\u00a0\u00bbSezione\u00a0\u00bb fullwidth=\u00a0\u00bboff\u00a0\u00bb specialty=\u00a0\u00bboff\u00a0\u00bb transparent_background=\u00a0\u00bboff\u00a0\u00bb allow_player_pause=\u00a0\u00bboff\u00a0\u00bb inner_shadow=\u00a0\u00bboff\u00a0\u00bb parallax=\u00a0\u00bboff\u00a0\u00bb parallax_method=\u00a0\u00bboff\u00a0\u00bb padding_mobile=\u00a0\u00bboff\u00a0\u00bb make_fullwidth=\u00a0\u00bboff\u00a0\u00bb use_custom_width=\u00a0\u00bboff\u00a0\u00bb width_unit=\u00a0\u00bbon\u00a0\u00bb make_equal=\u00a0\u00bboff\u00a0\u00bb use_custom_gutter=\u00a0\u00bboff\u00a0\u00bb][et_pb_row admin_label=\u00a0\u00bbRiga\u00a0\u00bb][et_pb_column type=\u00a0\u00bb4_4&Prime;][et_pb_text admin_label=\u00a0\u00bbMONOLOCALE A6 \u2013 30 MQ\u00a0\u00bb background_layout=\u00a0\u00bblight\u00a0\u00bb text_orientation=\u00a0\u00bbleft\u00a0\u00bb use_border_color=\u00a0\u00bboff\u00a0\u00bb border_color=\u00a0\u00bb#ffffff\u00a0\u00bb border_style=\u00a0\u00bbsolid\u00a0\u00bb text_font_size=\u00a0\u00bb30&Prime; text_text_color=\u00a0\u00bb#c4a04c\u00a0\u00bb text_font=\u00a0\u00bbCantata One||||\u00a0\u00bb]<\/p>\n<p style=\"text-align: left;\">MONOLOCALE\u00a0A6\u00a0\u2013 30 MQ<\/p>\n<p>[\/et_pb_text][et_pb_divider admin_label=\u00a0\u00bbModulo Separatore\u00a0\u00bb color=\u00a0\u00bb#c4a04c\u00a0\u00bb show_divider=\u00a0\u00bbon\u00a0\u00bb divider_style=\u00a0\u00bbsolid\u00a0\u00bb divider_position=\u00a0\u00bbtop\u00a0\u00bb hide_on_mobile=\u00a0\u00bbon\u00a0\u00bb] [\/et_pb_divider][\/et_pb_column][\/et_pb_row][et_pb_row admin_label=\u00a0\u00bbRiga\u00a0\u00bb][et_pb_column type=\u00a0\u00bb4_4&Prime;][et_pb_text admin_label=\u00a0\u00bbL\u2019appartamento A6 \u00e8 un monolocale \u00a0\u00bb background_layout=\u00a0\u00bblight\u00a0\u00bb text_orientation=\u00a0\u00bbleft\u00a0\u00bb use_border_color=\u00a0\u00bboff\u00a0\u00bb border_color=\u00a0\u00bb#ffffff\u00a0\u00bb border_style=\u00a0\u00bbsolid\u00a0\u00bb]<\/p>\n<p>L\u2019appartamento <strong>A6<\/strong> \u00e8 un monolocale di <strong>30 mq.<\/strong>, situato al piano terreno, con accesso diretto al cortile, \u00e8 illuminato da una finestra e una porta finestra. Composto da un soggiorno con due poltrone letto, angolo cottura, completo di stoviglie. La cucina ha 4 fuochi, il forno combinato, il frigorifero, un letto matrimoniale, il servizio \u00e8 con doccia, phon, lavatrice. Nell\u2019appartamento trovate anche l\u2019asse e il ferro da stiro, la Tv con decoder digitale satellitare, connessione internet, WI-FI. Il riscaldamento \u00e8 centralizzato. Al di fuori, ci sono le sedie sdraio, il tavolino con le sedie e l\u2019ombrellone.<\/p>\n<p>[\/et_pb_text][\/et_pb_column][\/et_pb_row][et_pb_row admin_label=\u00a0\u00bbRiga\u00a0\u00bb][et_pb_column type=\u00a0\u00bb4_4&Prime;][et_pb_gallery admin_label=\u00a0\u00bbGalleria\u00a0\u00bb gallery_ids=\u00a0\u00bb1408,1409,1475,1476&Prime; fullwidth=\u00a0\u00bboff\u00a0\u00bb show_title_and_caption=\u00a0\u00bboff\u00a0\u00bb show_pagination=\u00a0\u00bboff\u00a0\u00bb background_layout=\u00a0\u00bblight\u00a0\u00bb auto=\u00a0\u00bboff\u00a0\u00bb hover_overlay_color=\u00a0\u00bbrgba(255,255,255,0.9)\u00a0\u00bb caption_all_caps=\u00a0\u00bboff\u00a0\u00bb use_border_color=\u00a0\u00bboff\u00a0\u00bb border_color=\u00a0\u00bb#ffffff\u00a0\u00bb border_style=\u00a0\u00bbsolid\u00a0\u00bb zoom_icon_color=\u00a0\u00bb#c4a04c\u00a0\u00bb] [\/et_pb_gallery][\/et_pb_column][\/et_pb_row][\/et_pb_section]<\/p>\n","protected":false},"excerpt":{"rendered":"<p>APPARTAMENTO A2\u00a0\u2013 65 MQ Nell\u2019appartamento A2 di 65 mq., posto al primo piano, entrando si trova la zona giorno composta di soggiorno con due poltrone, angolo cottura con mobili di legno di castagno e piano in pietra di Cogne, molto luminoso, con portafinestra che d\u00e0 sul balcone. La zona notte \u00e8 composta da due camere [&hellip;]<\/p>\n","protected":false},"author":1,"featured_media":0,"parent":0,"menu_order":0,"comment_status":"closed","ping_status":"closed","template":"","meta":{"_et_pb_use_builder":"on","_et_pb_old_content":"","_et_gb_content_width":"","footnotes":""},"class_list":["post-1538","page","type-page","status-publish","hentry"],"yoast_head":"<!-- This site is optimized with the Yoast SEO plugin v23.9 - https:\/\/yoast.com\/wordpress\/plugins\/seo\/ -->\n<title>Appartamenti vacanze Valle d&#039;Aosta - Verger Plein Soleil<\/title>\n<meta name=\"description\" content=\"Appartamenti vacanze in Valle d&#039;Aosta, bilocali e monolocali molto luminosi con soggiorno, camera da letto, angolo cottura, e balcone.\" \/>\n<meta name=\"robots\" content=\"index, follow, max-snippet:-1, max-image-preview:large, max-video-preview:-1\" \/>\n<link rel=\"canonical\" href=\"https:\/\/www.vergerpleinsoleil.com\/fr\/prive\/\" \/>\n<meta property=\"og:locale\" content=\"fr_FR\" \/>\n<meta property=\"og:type\" content=\"article\" \/>\n<meta property=\"og:title\" content=\"Appartamenti vacanze Valle d&#039;Aosta - Verger Plein Soleil\" \/>\n<meta property=\"og:description\" content=\"Appartamenti vacanze in Valle d&#039;Aosta, bilocali e monolocali molto luminosi con soggiorno, camera da letto, angolo cottura, e balcone.\" \/>\n<meta property=\"og:url\" content=\"https:\/\/www.vergerpleinsoleil.com\/fr\/prive\/\" \/>\n<meta property=\"og:site_name\" content=\"Verger Plein Soleil\" \/>\n<meta property=\"article:modified_time\" content=\"2016-06-09T09:34:29+00:00\" \/>\n<meta name=\"twitter:card\" content=\"summary_large_image\" \/>\n<meta name=\"twitter:label1\" content=\"Dur\u00e9e de lecture estim\u00e9e\" \/>\n\t<meta name=\"twitter:data1\" content=\"7 minutes\" \/>\n<script type=\"application\/ld+json\" class=\"yoast-schema-graph\">{\"@context\":\"https:\/\/schema.org\",\"@graph\":[{\"@type\":\"WebPage\",\"@id\":\"https:\/\/www.vergerpleinsoleil.com\/fr\/prive\/\",\"url\":\"https:\/\/www.vergerpleinsoleil.com\/fr\/prive\/\",\"name\":\"Appartamenti vacanze Valle d'Aosta - Verger Plein Soleil\",\"isPartOf\":{\"@id\":\"https:\/\/www.vergerpleinsoleil.com\/#website\"},\"datePublished\":\"2016-04-19T07:05:36+00:00\",\"dateModified\":\"2016-06-09T09:34:29+00:00\",\"description\":\"Appartamenti vacanze in Valle d'Aosta, bilocali e monolocali molto luminosi con soggiorno, camera da letto, angolo cottura, e balcone.\",\"breadcrumb\":{\"@id\":\"https:\/\/www.vergerpleinsoleil.com\/fr\/prive\/#breadcrumb\"},\"inLanguage\":\"fr-FR\",\"potentialAction\":[{\"@type\":\"ReadAction\",\"target\":[\"https:\/\/www.vergerpleinsoleil.com\/fr\/prive\/\"]}]},{\"@type\":\"BreadcrumbList\",\"@id\":\"https:\/\/www.vergerpleinsoleil.com\/fr\/prive\/#breadcrumb\",\"itemListElement\":[{\"@type\":\"ListItem\",\"position\":1,\"name\":\"Home\",\"item\":\"https:\/\/www.vergerpleinsoleil.com\/fr\/\"},{\"@type\":\"ListItem\",\"position\":2,\"name\":\"PRIV\u00e9\"}]},{\"@type\":\"WebSite\",\"@id\":\"https:\/\/www.vergerpleinsoleil.com\/#website\",\"url\":\"https:\/\/www.vergerpleinsoleil.com\/\",\"name\":\"Verger Plein Soleil\",\"description\":\"Appartamenti Valle d&#039;Aosta\",\"potentialAction\":[{\"@type\":\"SearchAction\",\"target\":{\"@type\":\"EntryPoint\",\"urlTemplate\":\"https:\/\/www.vergerpleinsoleil.com\/?s={search_term_string}\"},\"query-input\":{\"@type\":\"PropertyValueSpecification\",\"valueRequired\":true,\"valueName\":\"search_term_string\"}}],\"inLanguage\":\"fr-FR\"}]}<\/script>\n<!-- \/ Yoast SEO plugin. -->","yoast_head_json":{"title":"Appartamenti vacanze Valle d'Aosta - Verger Plein Soleil","description":"Appartamenti vacanze in Valle d'Aosta, bilocali e monolocali molto luminosi con soggiorno, camera da letto, angolo cottura, e balcone.","robots":{"index":"index","follow":"follow","max-snippet":"max-snippet:-1","max-image-preview":"max-image-preview:large","max-video-preview":"max-video-preview:-1"},"canonical":"https:\/\/www.vergerpleinsoleil.com\/fr\/prive\/","og_locale":"fr_FR","og_type":"article","og_title":"Appartamenti vacanze Valle d'Aosta - Verger Plein Soleil","og_description":"Appartamenti vacanze in Valle d'Aosta, bilocali e monolocali molto luminosi con soggiorno, camera da letto, angolo cottura, e balcone.","og_url":"https:\/\/www.vergerpleinsoleil.com\/fr\/prive\/","og_site_name":"Verger Plein Soleil","article_modified_time":"2016-06-09T09:34:29+00:00","twitter_card":"summary_large_image","twitter_misc":{"Dur\u00e9e de lecture estim\u00e9e":"7 minutes"},"schema":{"@context":"https:\/\/schema.org","@graph":[{"@type":"WebPage","@id":"https:\/\/www.vergerpleinsoleil.com\/fr\/prive\/","url":"https:\/\/www.vergerpleinsoleil.com\/fr\/prive\/","name":"Appartamenti vacanze Valle d'Aosta - Verger Plein Soleil","isPartOf":{"@id":"https:\/\/www.vergerpleinsoleil.com\/#website"},"datePublished":"2016-04-19T07:05:36+00:00","dateModified":"2016-06-09T09:34:29+00:00","description":"Appartamenti vacanze in Valle d'Aosta, bilocali e monolocali molto luminosi con soggiorno, camera da letto, angolo cottura, e balcone.","breadcrumb":{"@id":"https:\/\/www.vergerpleinsoleil.com\/fr\/prive\/#breadcrumb"},"inLanguage":"fr-FR","potentialAction":[{"@type":"ReadAction","target":["https:\/\/www.vergerpleinsoleil.com\/fr\/prive\/"]}]},{"@type":"BreadcrumbList","@id":"https:\/\/www.vergerpleinsoleil.com\/fr\/prive\/#breadcrumb","itemListElement":[{"@type":"ListItem","position":1,"name":"Home","item":"https:\/\/www.vergerpleinsoleil.com\/fr\/"},{"@type":"ListItem","position":2,"name":"PRIV\u00e9"}]},{"@type":"WebSite","@id":"https:\/\/www.vergerpleinsoleil.com\/#website","url":"https:\/\/www.vergerpleinsoleil.com\/","name":"Verger Plein Soleil","description":"Appartamenti Valle d&#039;Aosta","potentialAction":[{"@type":"SearchAction","target":{"@type":"EntryPoint","urlTemplate":"https:\/\/www.vergerpleinsoleil.com\/?s={search_term_string}"},"query-input":{"@type":"PropertyValueSpecification","valueRequired":true,"valueName":"search_term_string"}}],"inLanguage":"fr-FR"}]}},"_links":{"self":[{"href":"https:\/\/www.vergerpleinsoleil.com\/fr\/wp-json\/wp\/v2\/pages\/1538","targetHints":{"allow":["GET"]}}],"collection":[{"href":"https:\/\/www.vergerpleinsoleil.com\/fr\/wp-json\/wp\/v2\/pages"}],"about":[{"href":"https:\/\/www.vergerpleinsoleil.com\/fr\/wp-json\/wp\/v2\/types\/page"}],"author":[{"embeddable":true,"href":"https:\/\/www.vergerpleinsoleil.com\/fr\/wp-json\/wp\/v2\/users\/1"}],"replies":[{"embeddable":true,"href":"https:\/\/www.vergerpleinsoleil.com\/fr\/wp-json\/wp\/v2\/comments?post=1538"}],"version-history":[{"count":0,"href":"https:\/\/www.vergerpleinsoleil.com\/fr\/wp-json\/wp\/v2\/pages\/1538\/revisions"}],"wp:attachment":[{"href":"https:\/\/www.vergerpleinsoleil.com\/fr\/wp-json\/wp\/v2\/media?parent=1538"}],"curies":[{"name":"wp","href":"https:\/\/api.w.org\/{rel}","templated":true}]}}