{"id":1539,"date":"2016-04-19T07:05:36","date_gmt":"2016-04-19T07:05:36","guid":{"rendered":"http:\/\/vergerpleinsoleil.digival4.com\/de\/privati\/"},"modified":"2016-06-09T09:50:06","modified_gmt":"2016-06-09T09:50:06","slug":"privat","status":"publish","type":"page","link":"https:\/\/www.vergerpleinsoleil.com\/de\/privat\/","title":{"rendered":"PRIVAT"},"content":{"rendered":"<p>[et_pb_section admin_label=&#8220;Sezione&#8220; fullwidth=&#8220;on&#8220; specialty=&#8220;off&#8220;][et_pb_fullwidth_slider admin_label=&#8220;Slider a Larghezza Piena&#8220; show_arrows=&#8220;on&#8220; show_pagination=&#8220;on&#8220; auto=&#8220;off&#8220; auto_ignore_hover=&#8220;off&#8220; parallax=&#8220;off&#8220; parallax_method=&#8220;off&#8220; remove_inner_shadow=&#8220;off&#8220; background_position=&#8220;default&#8220; background_size=&#8220;default&#8220; hide_content_on_mobile=&#8220;off&#8220; hide_cta_on_mobile=&#8220;off&#8220; show_image_video_mobile=&#8220;off&#8220; custom_button=&#8220;off&#8220; button_letter_spacing=&#8220;0&#8243; button_use_icon=&#8220;default&#8220; button_icon_placement=&#8220;right&#8220; button_on_hover=&#8220;on&#8220; button_letter_spacing_hover=&#8220;0&#8243; top_padding=&#8220;600px&#8220; bottom_padding=&#8220;200px&#8220;] [et_pb_slide background_position=&#8220;default&#8220; background_size=&#8220;default&#8220; background_color=&#8220;#ffffff&#8220; use_bg_overlay=&#8220;off&#8220; use_text_overlay=&#8220;off&#8220; alignment=&#8220;center&#8220; background_layout=&#8220;dark&#8220; allow_player_pause=&#8220;off&#8220; text_border_radius=&#8220;3&#8243; header_font_select=&#8220;default&#8220; header_font=&#8220;||||&#8220; body_font_select=&#8220;default&#8220; body_font=&#8220;||||&#8220; custom_button=&#8220;off&#8220; button_font_select=&#8220;default&#8220; button_font=&#8220;||||&#8220; button_use_icon=&#8220;default&#8220; button_icon_placement=&#8220;right&#8220; button_on_hover=&#8220;on&#8220; background_image=&#8220;http:\/\/vergerpleinsoleil.digival4.com\/wp-content\/uploads\/2016\/04\/Privati-1.jpg&#8220;] [\/et_pb_slide][et_pb_slide background_position=&#8220;default&#8220; background_size=&#8220;default&#8220; background_color=&#8220;#ffffff&#8220; use_bg_overlay=&#8220;off&#8220; use_text_overlay=&#8220;off&#8220; alignment=&#8220;center&#8220; background_layout=&#8220;dark&#8220; allow_player_pause=&#8220;off&#8220; text_border_radius=&#8220;3&#8243; header_font_select=&#8220;default&#8220; header_font=&#8220;||||&#8220; body_font_select=&#8220;default&#8220; body_font=&#8220;||||&#8220; custom_button=&#8220;off&#8220; button_font_select=&#8220;default&#8220; button_font=&#8220;||||&#8220; button_use_icon=&#8220;default&#8220; button_icon_placement=&#8220;right&#8220; button_on_hover=&#8220;on&#8220; background_image=&#8220;http:\/\/vergerpleinsoleil.digival4.com\/wp-content\/uploads\/2016\/04\/Privati-2.jpg&#8220;] [\/et_pb_slide][et_pb_slide background_position=&#8220;default&#8220; background_size=&#8220;default&#8220; background_color=&#8220;#ffffff&#8220; use_bg_overlay=&#8220;off&#8220; use_text_overlay=&#8220;off&#8220; alignment=&#8220;center&#8220; background_layout=&#8220;dark&#8220; allow_player_pause=&#8220;off&#8220; text_border_radius=&#8220;3&#8243; header_font_select=&#8220;default&#8220; header_font=&#8220;||||&#8220; body_font_select=&#8220;default&#8220; body_font=&#8220;||||&#8220; custom_button=&#8220;off&#8220; button_font_select=&#8220;default&#8220; button_font=&#8220;||||&#8220; button_use_icon=&#8220;default&#8220; button_icon_placement=&#8220;right&#8220; button_on_hover=&#8220;on&#8220; background_image=&#8220;http:\/\/vergerpleinsoleil.digival4.com\/wp-content\/uploads\/2016\/04\/Privati-3.jpg&#8220;] [\/et_pb_slide] [\/et_pb_fullwidth_slider][\/et_pb_section][et_pb_section admin_label=&#8220;Sezione&#8220; fullwidth=&#8220;off&#8220; specialty=&#8220;off&#8220; transparent_background=&#8220;off&#8220; allow_player_pause=&#8220;off&#8220; inner_shadow=&#8220;off&#8220; parallax=&#8220;off&#8220; parallax_method=&#8220;off&#8220; padding_mobile=&#8220;off&#8220; make_fullwidth=&#8220;off&#8220; use_custom_width=&#8220;off&#8220; width_unit=&#8220;on&#8220; make_equal=&#8220;off&#8220; use_custom_gutter=&#8220;off&#8220;][et_pb_row admin_label=&#8220;Riga&#8220;][et_pb_column type=&#8220;4_4&#8243;][et_pb_text admin_label=&#8220;APPARTAMENTO A2 \u2013 65 MQ&#8220; background_layout=&#8220;light&#8220; text_orientation=&#8220;left&#8220; use_border_color=&#8220;off&#8220; border_color=&#8220;#ffffff&#8220; border_style=&#8220;solid&#8220; text_font_size=&#8220;30&#8243; text_text_color=&#8220;#c4a04c&#8220; text_font=&#8220;Cantata One||||&#8220;]<\/p>\n<p style=\"text-align: left;\">APPARTAMENTO A2\u00a0\u2013 65 MQ<\/p>\n<p>[\/et_pb_text][et_pb_divider admin_label=&#8220;Modulo Separatore&#8220; color=&#8220;#c4a04c&#8220; show_divider=&#8220;on&#8220; divider_style=&#8220;solid&#8220; divider_position=&#8220;top&#8220; hide_on_mobile=&#8220;on&#8220;] [\/et_pb_divider][\/et_pb_column][\/et_pb_row][et_pb_row admin_label=&#8220;Riga&#8220;][et_pb_column type=&#8220;4_4&#8243;][et_pb_text admin_label=&#8220;Nell\u2019appartamento A2 di 65 mq.&#8220; background_layout=&#8220;light&#8220; text_orientation=&#8220;left&#8220; use_border_color=&#8220;off&#8220; border_color=&#8220;#ffffff&#8220; border_style=&#8220;solid&#8220;]<\/p>\n<p>Nell\u2019appartamento <strong>A2<\/strong> di <strong>65 mq.<\/strong>, posto al primo piano, entrando si trova la zona giorno composta di soggiorno con due poltrone, angolo cottura con mobili di legno di castagno e piano in pietra di Cogne, molto luminoso, con portafinestra che d\u00e0 sul balcone. La zona notte \u00e8 composta da due camere di cui una con letto matrimoniale pi\u00f9 un lettino, un armadio a tre ante, due comodini, cassettiera e specchio, ha una luminosa finestra e una portafinestra che va sull\u2019ampio balcone, l\u2019altra camera ha due letti\u00a0singoli armadio a due ante con cassetti, comodino, sono provviste di coperte estive e invernali, materassi in lattice e le reti sono in doghe regolabili, il servizio privato \u00e8 con doccia. L\u2019appartamento \u00e8 completo di stoviglie e pentole, frigo, forno combinato, tv con impianto satellitare e decoder, connessione a internet, via cavo e wi-fi, asse e ferro da stiro, lavatrice, stendi biancheria, il riscaldamento \u00e8 centralizzato.<\/p>\n<p>[\/et_pb_text][\/et_pb_column][\/et_pb_row][et_pb_row admin_label=&#8220;Riga&#8220;][et_pb_column type=&#8220;4_4&#8243;][et_pb_gallery admin_label=&#8220;Galleria&#8220; gallery_ids=&#8220;1398,1399,1400,1401&#8243; fullwidth=&#8220;off&#8220; show_title_and_caption=&#8220;off&#8220; show_pagination=&#8220;off&#8220; background_layout=&#8220;light&#8220; auto=&#8220;off&#8220; hover_overlay_color=&#8220;rgba(255,255,255,0.9)&#8220; caption_all_caps=&#8220;off&#8220; use_border_color=&#8220;off&#8220; border_color=&#8220;#ffffff&#8220; border_style=&#8220;solid&#8220; zoom_icon_color=&#8220;#c4a04c&#8220;] [\/et_pb_gallery][\/et_pb_column][\/et_pb_row][\/et_pb_section][et_pb_section admin_label=&#8220;Sezione&#8220; fullwidth=&#8220;off&#8220; specialty=&#8220;off&#8220; transparent_background=&#8220;off&#8220; allow_player_pause=&#8220;off&#8220; inner_shadow=&#8220;off&#8220; parallax=&#8220;off&#8220; parallax_method=&#8220;off&#8220; padding_mobile=&#8220;off&#8220; make_fullwidth=&#8220;off&#8220; use_custom_width=&#8220;off&#8220; width_unit=&#8220;on&#8220; make_equal=&#8220;off&#8220; use_custom_gutter=&#8220;off&#8220;][et_pb_row admin_label=&#8220;Riga&#8220;][et_pb_column type=&#8220;4_4&#8243;][et_pb_text admin_label=&#8220;APPARTAMENTO A4 \u2013 40 MQ&#8220; background_layout=&#8220;light&#8220; text_orientation=&#8220;left&#8220; use_border_color=&#8220;off&#8220; border_color=&#8220;#ffffff&#8220; border_style=&#8220;solid&#8220; text_font_size=&#8220;30&#8243; text_text_color=&#8220;#c4a04c&#8220; text_font=&#8220;Cantata One||||&#8220;]<\/p>\n<p style=\"text-align: left;\">APPARTAMENTO A4\u00a0\u2013 40 MQ<\/p>\n<p>[\/et_pb_text][et_pb_divider admin_label=&#8220;Modulo Separatore&#8220; color=&#8220;#c4a04c&#8220; show_divider=&#8220;on&#8220; divider_style=&#8220;solid&#8220; divider_position=&#8220;top&#8220; hide_on_mobile=&#8220;on&#8220;] [\/et_pb_divider][\/et_pb_column][\/et_pb_row][et_pb_row admin_label=&#8220;Riga&#8220;][et_pb_column type=&#8220;4_4&#8243;][et_pb_text admin_label=&#8220;L\u2019appartamento A4 \u00e8 un monolocale di 40 mq&#8220; background_layout=&#8220;light&#8220; text_orientation=&#8220;left&#8220; use_border_color=&#8220;off&#8220; border_color=&#8220;#ffffff&#8220; border_style=&#8220;solid&#8220;]<\/p>\n<p>L\u2019appartamento <strong>A4<\/strong> \u00e8 un monolocale di <strong>40 mq<\/strong>., si trova al piano rialzato, con accesso diretto al terrazzo solarium e illuminato da due grandi finestre. Composto da un angolo cottura, completo di stoviglie, la cucina ha 4 fuochi elettrici, il forno combinato, il frigorifero, un letto matrimoniale, un lettino su richiesta, una cristalliera, una cassettiera, un armadio base con sopra la Tv con decoder digitale, un armadio a ponte con un letto singolo ed un altro estraibile; il servizio \u00e8 con doccia. Nell\u2019appartamento trovate anche la lavatrice con lo stendi biancheria, il ferro e l\u2019asse da stiro, la connessione a internet sia a cavo che wi-fi. Il riscaldamento \u00e8 centralizzato.<\/p>\n<p>[\/et_pb_text][\/et_pb_column][\/et_pb_row][et_pb_row admin_label=&#8220;Riga&#8220;][et_pb_column type=&#8220;4_4&#8243;][et_pb_gallery admin_label=&#8220;Galleria&#8220; gallery_ids=&#8220;1403,1404,1405,1406&#8243; fullwidth=&#8220;off&#8220; show_title_and_caption=&#8220;off&#8220; show_pagination=&#8220;off&#8220; background_layout=&#8220;light&#8220; auto=&#8220;off&#8220; hover_overlay_color=&#8220;rgba(255,255,255,0.9)&#8220; caption_all_caps=&#8220;off&#8220; use_border_color=&#8220;off&#8220; border_color=&#8220;#ffffff&#8220; border_style=&#8220;solid&#8220; zoom_icon_color=&#8220;#c4a04c&#8220;] [\/et_pb_gallery][\/et_pb_column][\/et_pb_row][\/et_pb_section][et_pb_section admin_label=&#8220;Sezione&#8220; fullwidth=&#8220;off&#8220; specialty=&#8220;off&#8220; transparent_background=&#8220;off&#8220; allow_player_pause=&#8220;off&#8220; inner_shadow=&#8220;off&#8220; parallax=&#8220;off&#8220; parallax_method=&#8220;off&#8220; padding_mobile=&#8220;off&#8220; make_fullwidth=&#8220;off&#8220; use_custom_width=&#8220;off&#8220; width_unit=&#8220;on&#8220; make_equal=&#8220;off&#8220; use_custom_gutter=&#8220;off&#8220;][et_pb_row admin_label=&#8220;Riga&#8220;][et_pb_column type=&#8220;4_4&#8243;][et_pb_text admin_label=&#8220;MONOLOCALE A6 \u2013 30 MQ&#8220; background_layout=&#8220;light&#8220; text_orientation=&#8220;left&#8220; use_border_color=&#8220;off&#8220; border_color=&#8220;#ffffff&#8220; border_style=&#8220;solid&#8220; text_font_size=&#8220;30&#8243; text_text_color=&#8220;#c4a04c&#8220; text_font=&#8220;Cantata One||||&#8220;]<\/p>\n<p style=\"text-align: left;\">MONOLOCALE\u00a0A6\u00a0\u2013 30 MQ<\/p>\n<p>[\/et_pb_text][et_pb_divider admin_label=&#8220;Modulo Separatore&#8220; color=&#8220;#c4a04c&#8220; show_divider=&#8220;on&#8220; divider_style=&#8220;solid&#8220; divider_position=&#8220;top&#8220; hide_on_mobile=&#8220;on&#8220;] [\/et_pb_divider][\/et_pb_column][\/et_pb_row][et_pb_row admin_label=&#8220;Riga&#8220;][et_pb_column type=&#8220;4_4&#8243;][et_pb_text admin_label=&#8220;L\u2019appartamento A6 \u00e8 un monolocale &#8220; background_layout=&#8220;light&#8220; text_orientation=&#8220;left&#8220; use_border_color=&#8220;off&#8220; border_color=&#8220;#ffffff&#8220; border_style=&#8220;solid&#8220;]<\/p>\n<p>L\u2019appartamento <strong>A6<\/strong> \u00e8 un monolocale di <strong>30 mq.<\/strong>, situato al piano terreno, con accesso diretto al cortile, \u00e8 illuminato da una finestra e una porta finestra. Composto da un soggiorno con due poltrone letto, angolo cottura, completo di stoviglie. La cucina ha 4 fuochi, il forno combinato, il frigorifero, un letto matrimoniale, il servizio \u00e8 con doccia, phon, lavatrice. Nell\u2019appartamento trovate anche l\u2019asse e il ferro da stiro, la Tv con decoder digitale satellitare, connessione internet, WI-FI. Il riscaldamento \u00e8 centralizzato. Al di fuori, ci sono le sedie sdraio, il tavolino con le sedie e l\u2019ombrellone.<\/p>\n<p>[\/et_pb_text][\/et_pb_column][\/et_pb_row][et_pb_row admin_label=&#8220;Riga&#8220;][et_pb_column type=&#8220;4_4&#8243;][et_pb_gallery admin_label=&#8220;Galleria&#8220; gallery_ids=&#8220;1408,1409,1475,1476&#8243; fullwidth=&#8220;off&#8220; show_title_and_caption=&#8220;off&#8220; show_pagination=&#8220;off&#8220; background_layout=&#8220;light&#8220; auto=&#8220;off&#8220; hover_overlay_color=&#8220;rgba(255,255,255,0.9)&#8220; caption_all_caps=&#8220;off&#8220; use_border_color=&#8220;off&#8220; border_color=&#8220;#ffffff&#8220; border_style=&#8220;solid&#8220; zoom_icon_color=&#8220;#c4a04c&#8220;] [\/et_pb_gallery][\/et_pb_column][\/et_pb_row][\/et_pb_section]<\/p>\n","protected":false},"excerpt":{"rendered":"<p>APPARTAMENTO A2\u00a0\u2013 65 MQ Nell\u2019appartamento A2 di 65 mq., posto al primo piano, entrando si trova la zona giorno composta di soggiorno con due poltrone, angolo cottura con mobili di legno di castagno e piano in pietra di Cogne, molto luminoso, con portafinestra che d\u00e0 sul balcone. La zona notte \u00e8 composta da due camere [&hellip;]<\/p>\n","protected":false},"author":1,"featured_media":0,"parent":0,"menu_order":0,"comment_status":"closed","ping_status":"closed","template":"","meta":{"_et_pb_use_builder":"on","_et_pb_old_content":"","_et_gb_content_width":"","footnotes":""},"class_list":["post-1539","page","type-page","status-publish","hentry"],"yoast_head":"<!-- This site is optimized with the Yoast SEO plugin v23.9 - https:\/\/yoast.com\/wordpress\/plugins\/seo\/ -->\n<title>Appartamenti vacanze Valle d&#039;Aosta - Verger Plein Soleil<\/title>\n<meta name=\"description\" content=\"Appartamenti vacanze in Valle d&#039;Aosta, bilocali e monolocali molto luminosi con soggiorno, camera da letto, angolo cottura, e balcone.\" \/>\n<meta name=\"robots\" content=\"index, follow, max-snippet:-1, max-image-preview:large, max-video-preview:-1\" \/>\n<link rel=\"canonical\" href=\"https:\/\/www.vergerpleinsoleil.com\/de\/privat\/\" \/>\n<meta property=\"og:locale\" content=\"de_DE\" \/>\n<meta property=\"og:type\" content=\"article\" \/>\n<meta property=\"og:title\" content=\"Appartamenti vacanze Valle d&#039;Aosta - Verger Plein Soleil\" \/>\n<meta property=\"og:description\" content=\"Appartamenti vacanze in Valle d&#039;Aosta, bilocali e monolocali molto luminosi con soggiorno, camera da letto, angolo cottura, e balcone.\" \/>\n<meta property=\"og:url\" content=\"https:\/\/www.vergerpleinsoleil.com\/de\/privat\/\" \/>\n<meta property=\"og:site_name\" content=\"Verger Plein Soleil\" \/>\n<meta property=\"article:modified_time\" content=\"2016-06-09T09:50:06+00:00\" \/>\n<meta name=\"twitter:card\" content=\"summary_large_image\" \/>\n<meta name=\"twitter:label1\" content=\"Gesch\u00e4tzte Lesezeit\" \/>\n\t<meta name=\"twitter:data1\" content=\"7\u00a0Minuten\" \/>\n<script type=\"application\/ld+json\" class=\"yoast-schema-graph\">{\"@context\":\"https:\/\/schema.org\",\"@graph\":[{\"@type\":\"WebPage\",\"@id\":\"https:\/\/www.vergerpleinsoleil.com\/de\/privat\/\",\"url\":\"https:\/\/www.vergerpleinsoleil.com\/de\/privat\/\",\"name\":\"Appartamenti vacanze Valle d'Aosta - Verger Plein Soleil\",\"isPartOf\":{\"@id\":\"https:\/\/www.vergerpleinsoleil.com\/#website\"},\"datePublished\":\"2016-04-19T07:05:36+00:00\",\"dateModified\":\"2016-06-09T09:50:06+00:00\",\"description\":\"Appartamenti vacanze in Valle d'Aosta, bilocali e monolocali molto luminosi con soggiorno, camera da letto, angolo cottura, e balcone.\",\"breadcrumb\":{\"@id\":\"https:\/\/www.vergerpleinsoleil.com\/de\/privat\/#breadcrumb\"},\"inLanguage\":\"de\",\"potentialAction\":[{\"@type\":\"ReadAction\",\"target\":[\"https:\/\/www.vergerpleinsoleil.com\/de\/privat\/\"]}]},{\"@type\":\"BreadcrumbList\",\"@id\":\"https:\/\/www.vergerpleinsoleil.com\/de\/privat\/#breadcrumb\",\"itemListElement\":[{\"@type\":\"ListItem\",\"position\":1,\"name\":\"Home\",\"item\":\"https:\/\/www.vergerpleinsoleil.com\/de\/\"},{\"@type\":\"ListItem\",\"position\":2,\"name\":\"PRIVAT\"}]},{\"@type\":\"WebSite\",\"@id\":\"https:\/\/www.vergerpleinsoleil.com\/#website\",\"url\":\"https:\/\/www.vergerpleinsoleil.com\/\",\"name\":\"Verger Plein Soleil\",\"description\":\"Appartamenti Valle d&#039;Aosta\",\"potentialAction\":[{\"@type\":\"SearchAction\",\"target\":{\"@type\":\"EntryPoint\",\"urlTemplate\":\"https:\/\/www.vergerpleinsoleil.com\/?s={search_term_string}\"},\"query-input\":{\"@type\":\"PropertyValueSpecification\",\"valueRequired\":true,\"valueName\":\"search_term_string\"}}],\"inLanguage\":\"de\"}]}<\/script>\n<!-- \/ Yoast SEO plugin. -->","yoast_head_json":{"title":"Appartamenti vacanze Valle d'Aosta - Verger Plein Soleil","description":"Appartamenti vacanze in Valle d'Aosta, bilocali e monolocali molto luminosi con soggiorno, camera da letto, angolo cottura, e balcone.","robots":{"index":"index","follow":"follow","max-snippet":"max-snippet:-1","max-image-preview":"max-image-preview:large","max-video-preview":"max-video-preview:-1"},"canonical":"https:\/\/www.vergerpleinsoleil.com\/de\/privat\/","og_locale":"de_DE","og_type":"article","og_title":"Appartamenti vacanze Valle d'Aosta - Verger Plein Soleil","og_description":"Appartamenti vacanze in Valle d'Aosta, bilocali e monolocali molto luminosi con soggiorno, camera da letto, angolo cottura, e balcone.","og_url":"https:\/\/www.vergerpleinsoleil.com\/de\/privat\/","og_site_name":"Verger Plein Soleil","article_modified_time":"2016-06-09T09:50:06+00:00","twitter_card":"summary_large_image","twitter_misc":{"Gesch\u00e4tzte Lesezeit":"7\u00a0Minuten"},"schema":{"@context":"https:\/\/schema.org","@graph":[{"@type":"WebPage","@id":"https:\/\/www.vergerpleinsoleil.com\/de\/privat\/","url":"https:\/\/www.vergerpleinsoleil.com\/de\/privat\/","name":"Appartamenti vacanze Valle d'Aosta - Verger Plein Soleil","isPartOf":{"@id":"https:\/\/www.vergerpleinsoleil.com\/#website"},"datePublished":"2016-04-19T07:05:36+00:00","dateModified":"2016-06-09T09:50:06+00:00","description":"Appartamenti vacanze in Valle d'Aosta, bilocali e monolocali molto luminosi con soggiorno, camera da letto, angolo cottura, e balcone.","breadcrumb":{"@id":"https:\/\/www.vergerpleinsoleil.com\/de\/privat\/#breadcrumb"},"inLanguage":"de","potentialAction":[{"@type":"ReadAction","target":["https:\/\/www.vergerpleinsoleil.com\/de\/privat\/"]}]},{"@type":"BreadcrumbList","@id":"https:\/\/www.vergerpleinsoleil.com\/de\/privat\/#breadcrumb","itemListElement":[{"@type":"ListItem","position":1,"name":"Home","item":"https:\/\/www.vergerpleinsoleil.com\/de\/"},{"@type":"ListItem","position":2,"name":"PRIVAT"}]},{"@type":"WebSite","@id":"https:\/\/www.vergerpleinsoleil.com\/#website","url":"https:\/\/www.vergerpleinsoleil.com\/","name":"Verger Plein Soleil","description":"Appartamenti Valle d&#039;Aosta","potentialAction":[{"@type":"SearchAction","target":{"@type":"EntryPoint","urlTemplate":"https:\/\/www.vergerpleinsoleil.com\/?s={search_term_string}"},"query-input":{"@type":"PropertyValueSpecification","valueRequired":true,"valueName":"search_term_string"}}],"inLanguage":"de"}]}},"_links":{"self":[{"href":"https:\/\/www.vergerpleinsoleil.com\/de\/wp-json\/wp\/v2\/pages\/1539","targetHints":{"allow":["GET"]}}],"collection":[{"href":"https:\/\/www.vergerpleinsoleil.com\/de\/wp-json\/wp\/v2\/pages"}],"about":[{"href":"https:\/\/www.vergerpleinsoleil.com\/de\/wp-json\/wp\/v2\/types\/page"}],"author":[{"embeddable":true,"href":"https:\/\/www.vergerpleinsoleil.com\/de\/wp-json\/wp\/v2\/users\/1"}],"replies":[{"embeddable":true,"href":"https:\/\/www.vergerpleinsoleil.com\/de\/wp-json\/wp\/v2\/comments?post=1539"}],"version-history":[{"count":0,"href":"https:\/\/www.vergerpleinsoleil.com\/de\/wp-json\/wp\/v2\/pages\/1539\/revisions"}],"wp:attachment":[{"href":"https:\/\/www.vergerpleinsoleil.com\/de\/wp-json\/wp\/v2\/media?parent=1539"}],"curies":[{"name":"wp","href":"https:\/\/api.w.org\/{rel}","templated":true}]}}